{"id":101,"date":"2021-10-15T15:32:15","date_gmt":"2021-10-15T13:32:15","guid":{"rendered":"http:\/\/atelier-images-peripheriques.fr\/?page_id=101"},"modified":"2022-02-04T09:36:55","modified_gmt":"2022-02-04T08:36:55","slug":"esquisser-une-voie-portraits-ditinerance","status":"publish","type":"page","link":"https:\/\/atelier-images-peripheriques.fr\/?page_id=101","title":{"rendered":"COMBES&#038;RENAUD"},"content":{"rendered":"\n<p><strong>MOUVEMENT DES INTERVALLES<\/strong><br>vid\u00e9o couleurs, sonore, dur\u00e9e 00:18:17, 2012, R\u00e9alisation Combes&amp;Renaud<\/p>\n\n\n\n<p><strong>Mouvement des intervalles<\/strong> est une m\u00e9ditation. L\u2019image pose sur la singularit\u00e9 de chaque fen\u00eatre un regard. La forme du polyptyque permet une narration spatiale et temporelle, entre apparition et disparition. Cette double migration des images et des sons appelle \u00e0 l\u2019id\u00e9e d\u2019alt\u00e9rit\u00e9. La fen\u00eatre est un \u00e9cran, un \u00e9crin, elle cerne la vie, les existences, le presque rien, et la chance surgit dans cette attention. Un geste d\u2019image fond\u00e9 sur l\u2019histoire des anonymes. Des fragments de vie, des portraits, soul\u00e8vent la question de l\u2019\u00e9motion, de l\u2019amour, ils redonnent une image \u00e0 ceux qui n\u2019ont pas d\u2019images.<img loading=\"lazy\" decoding=\"async\" width=\"700\" height=\"524\" class=\"wp-image-507\" style=\"width: 700px;\" src=\"http:\/\/atelier-images-peripheriques.fr\/wp-content\/uploads\/2022\/02\/70_mouvement-des-intervalles-timeline-001818-l-combesrenaud.jpg\" alt=\"\" srcset=\"https:\/\/atelier-images-peripheriques.fr\/wp-content\/uploads\/2022\/02\/70_mouvement-des-intervalles-timeline-001818-l-combesrenaud.jpg 599w, https:\/\/atelier-images-peripheriques.fr\/wp-content\/uploads\/2022\/02\/70_mouvement-des-intervalles-timeline-001818-l-combesrenaud-300x224.jpg 300w\" sizes=\"auto, (max-width: 700px) 100vw, 700px\" \/><\/p>\n\n\n\n<p>Photogramme <strong>Mouvement des intervalles<\/strong><br>R\u00e9alisation Combes&amp;Renaud<\/p>\n\n\n\n<p><strong>Publication INFRA:13<\/strong>, d\u00e9cembre 2015.<br><strong>Infra <\/strong>est une revue con\u00e7ue sous la forme d\u2019une affiche recto verso et pli\u00e9e. \u00c0 la mani\u00e8re d\u2019un espace de monstration, chaque artiste invit\u00e9 investit ce support avec un projet pens\u00e9 sp\u00e9cifiquement pour la revue. Ce projet n\u2019existant que par ce support, Infra se situe entre la revue et le livre d\u2019artiste.<br>\u00c0 l\u2019occasion de la cl\u00f4ture de la \u00ab saison vid\u00e9o \u00bb, les \u00c9ditions Infra invitent <strong>La Vid\u00e9oth\u00e8que <\/strong>pour une carte blanche curatoriale et \u00e9ditoriale au sein de la revue Infra. Ce dernier num\u00e9ro pr\u00e9sente le travail de <strong>Combes&amp;Renaud<\/strong>, duo de vid\u00e9astes issus du catalogue d\u2019artistes soutenus par La Vid\u00e9oth\u00e8que.<br><strong>\u00ab Mouvement des intervalles \u00bb<\/strong> reprend la vid\u00e9o \u00e9ponyme sous forme \u00e9ditoriale, explorant un montage temporel se d\u00e9ployant \u00e0 l\u2019aide de la \u00ab pagination \u00bb induite par les mouvements de pli et d\u00e9-pli de la revue. En marge, le texte de la voix-off vient composer ici un sous-titre sensible \u00e0 l\u2019image vid\u00e9o devenue fixe.<br><\/p>\n\n\n\n<p>Programmation de \u00ab\u00a0Mouvement des intervalles\u00a0\u00bb dans le cadre de <strong>Anthropologies Num\u00e9riques<\/strong>, \u00e9dition 2013. Le Cube et Les \u00e9crans de la libert\u00e9, deux jours de d\u00e9couvertes et de rencontres autour de l\u2019anthropologie, des arts num\u00e9riques et du cin\u00e9ma.<\/p>\n\n\n\n<p><\/p>\n","protected":false},"excerpt":{"rendered":"<p>MOUVEMENT DES INTERVALLESvid\u00e9o couleurs, sonore, dur\u00e9e 00:18:17, 2012, R\u00e9alisation Combes&amp;Renaud Mouvement des intervalles est une m\u00e9ditation. L\u2019image pose sur la singularit\u00e9 de chaque fen\u00eatre un regard. La forme du polyptyque permet une narration spatiale et temporelle, entre apparition et disparition. Cette double migration des images et des sons appelle \u00e0 l\u2019id\u00e9e d\u2019alt\u00e9rit\u00e9. La fen\u00eatre est &hellip; <\/p>\n<p class=\"link-more\"><a href=\"https:\/\/atelier-images-peripheriques.fr\/?page_id=101\" class=\"more-link\">Continuer la lecture<span class=\"screen-reader-text\"> de &laquo;&nbsp;COMBES&#038;RENAUD&nbsp;&raquo;<\/span><\/a><\/p>\n","protected":false},"author":1,"featured_media":0,"parent":0,"menu_order":0,"comment_status":"closed","ping_status":"closed","template":"","meta":{"footnotes":""},"class_list":["post-101","page","type-page","status-publish","hentry"],"yoast_head":"<!-- This site is optimized with the Yoast SEO plugin v24.2 - https:\/\/yoast.com\/wordpress\/plugins\/seo\/ -->\n<title>COMBES&amp;RENAUD - Atelier Images p\u00e9ripheriques<\/title>\n<meta name=\"robots\" content=\"index, follow, max-snippet:-1, max-image-preview:large, max-video-preview:-1\" \/>\n<link rel=\"canonical\" href=\"https:\/\/atelier-images-peripheriques.fr\/?page_id=101\" \/>\n<meta property=\"og:locale\" content=\"fr_FR\" \/>\n<meta property=\"og:type\" content=\"article\" \/>\n<meta property=\"og:title\" content=\"COMBES&amp;RENAUD - Atelier Images p\u00e9ripheriques\" \/>\n<meta property=\"og:description\" content=\"MOUVEMENT DES INTERVALLESvid\u00e9o couleurs, sonore, dur\u00e9e 00:18:17, 2012, R\u00e9alisation Combes&amp;Renaud Mouvement des intervalles est une m\u00e9ditation. L\u2019image pose sur la singularit\u00e9 de chaque fen\u00eatre un regard. La forme du polyptyque permet une narration spatiale et temporelle, entre apparition et disparition. Cette double migration des images et des sons appelle \u00e0 l\u2019id\u00e9e d\u2019alt\u00e9rit\u00e9. La fen\u00eatre est &hellip; Continuer la lecture de &laquo;&nbsp;COMBES&#038;RENAUD&nbsp;&raquo;\" \/>\n<meta property=\"og:url\" content=\"https:\/\/atelier-images-peripheriques.fr\/?page_id=101\" \/>\n<meta property=\"og:site_name\" content=\"Atelier Images p\u00e9ripheriques\" \/>\n<meta property=\"article:modified_time\" content=\"2022-02-04T08:36:55+00:00\" \/>\n<meta property=\"og:image\" content=\"http:\/\/atelier-images-peripheriques.fr\/wp-content\/uploads\/2022\/02\/70_mouvement-des-intervalles-timeline-001818-l-combesrenaud.jpg\" \/>\n<meta name=\"twitter:card\" content=\"summary_large_image\" \/>\n<meta name=\"twitter:label1\" content=\"Dur\u00e9e de lecture estim\u00e9e\" \/>\n\t<meta name=\"twitter:data1\" content=\"2 minutes\" \/>\n<script type=\"application\/ld+json\" class=\"yoast-schema-graph\">{\"@context\":\"https:\/\/schema.org\",\"@graph\":[{\"@type\":\"WebPage\",\"@id\":\"https:\/\/atelier-images-peripheriques.fr\/?page_id=101\",\"url\":\"https:\/\/atelier-images-peripheriques.fr\/?page_id=101\",\"name\":\"COMBES&RENAUD - Atelier Images p\u00e9ripheriques\",\"isPartOf\":{\"@id\":\"https:\/\/atelier-images-peripheriques.fr\/#website\"},\"primaryImageOfPage\":{\"@id\":\"https:\/\/atelier-images-peripheriques.fr\/?page_id=101#primaryimage\"},\"image\":{\"@id\":\"https:\/\/atelier-images-peripheriques.fr\/?page_id=101#primaryimage\"},\"thumbnailUrl\":\"http:\/\/atelier-images-peripheriques.fr\/wp-content\/uploads\/2022\/02\/70_mouvement-des-intervalles-timeline-001818-l-combesrenaud.jpg\",\"datePublished\":\"2021-10-15T13:32:15+00:00\",\"dateModified\":\"2022-02-04T08:36:55+00:00\",\"breadcrumb\":{\"@id\":\"https:\/\/atelier-images-peripheriques.fr\/?page_id=101#breadcrumb\"},\"inLanguage\":\"fr-FR\",\"potentialAction\":[{\"@type\":\"ReadAction\",\"target\":[\"https:\/\/atelier-images-peripheriques.fr\/?page_id=101\"]}]},{\"@type\":\"ImageObject\",\"inLanguage\":\"fr-FR\",\"@id\":\"https:\/\/atelier-images-peripheriques.fr\/?page_id=101#primaryimage\",\"url\":\"https:\/\/atelier-images-peripheriques.fr\/wp-content\/uploads\/2022\/02\/70_mouvement-des-intervalles-timeline-001818-l-combesrenaud.jpg\",\"contentUrl\":\"https:\/\/atelier-images-peripheriques.fr\/wp-content\/uploads\/2022\/02\/70_mouvement-des-intervalles-timeline-001818-l-combesrenaud.jpg\",\"width\":599,\"height\":448},{\"@type\":\"BreadcrumbList\",\"@id\":\"https:\/\/atelier-images-peripheriques.fr\/?page_id=101#breadcrumb\",\"itemListElement\":[{\"@type\":\"ListItem\",\"position\":1,\"name\":\"Accueil\",\"item\":\"https:\/\/atelier-images-peripheriques.fr\/\"},{\"@type\":\"ListItem\",\"position\":2,\"name\":\"COMBES&#038;RENAUD\"}]},{\"@type\":\"WebSite\",\"@id\":\"https:\/\/atelier-images-peripheriques.fr\/#website\",\"url\":\"https:\/\/atelier-images-peripheriques.fr\/\",\"name\":\"Atelier Images p\u00e9ripheriques\",\"description\":\"Atelier d&#039;artistes \/ Espace d&#039;exposition \u00e0 Bagnolet\",\"potentialAction\":[{\"@type\":\"SearchAction\",\"target\":{\"@type\":\"EntryPoint\",\"urlTemplate\":\"https:\/\/atelier-images-peripheriques.fr\/?s={search_term_string}\"},\"query-input\":{\"@type\":\"PropertyValueSpecification\",\"valueRequired\":true,\"valueName\":\"search_term_string\"}}],\"inLanguage\":\"fr-FR\"}]}<\/script>\n<!-- \/ Yoast SEO plugin. -->","yoast_head_json":{"title":"COMBES&RENAUD - Atelier Images p\u00e9ripheriques","robots":{"index":"index","follow":"follow","max-snippet":"max-snippet:-1","max-image-preview":"max-image-preview:large","max-video-preview":"max-video-preview:-1"},"canonical":"https:\/\/atelier-images-peripheriques.fr\/?page_id=101","og_locale":"fr_FR","og_type":"article","og_title":"COMBES&RENAUD - Atelier Images p\u00e9ripheriques","og_description":"MOUVEMENT DES INTERVALLESvid\u00e9o couleurs, sonore, dur\u00e9e 00:18:17, 2012, R\u00e9alisation Combes&amp;Renaud Mouvement des intervalles est une m\u00e9ditation. L\u2019image pose sur la singularit\u00e9 de chaque fen\u00eatre un regard. La forme du polyptyque permet une narration spatiale et temporelle, entre apparition et disparition. Cette double migration des images et des sons appelle \u00e0 l\u2019id\u00e9e d\u2019alt\u00e9rit\u00e9. La fen\u00eatre est &hellip; Continuer la lecture de &laquo;&nbsp;COMBES&#038;RENAUD&nbsp;&raquo;","og_url":"https:\/\/atelier-images-peripheriques.fr\/?page_id=101","og_site_name":"Atelier Images p\u00e9ripheriques","article_modified_time":"2022-02-04T08:36:55+00:00","og_image":[{"url":"http:\/\/atelier-images-peripheriques.fr\/wp-content\/uploads\/2022\/02\/70_mouvement-des-intervalles-timeline-001818-l-combesrenaud.jpg","type":"","width":"","height":""}],"twitter_card":"summary_large_image","twitter_misc":{"Dur\u00e9e de lecture estim\u00e9e":"2 minutes"},"schema":{"@context":"https:\/\/schema.org","@graph":[{"@type":"WebPage","@id":"https:\/\/atelier-images-peripheriques.fr\/?page_id=101","url":"https:\/\/atelier-images-peripheriques.fr\/?page_id=101","name":"COMBES&RENAUD - Atelier Images p\u00e9ripheriques","isPartOf":{"@id":"https:\/\/atelier-images-peripheriques.fr\/#website"},"primaryImageOfPage":{"@id":"https:\/\/atelier-images-peripheriques.fr\/?page_id=101#primaryimage"},"image":{"@id":"https:\/\/atelier-images-peripheriques.fr\/?page_id=101#primaryimage"},"thumbnailUrl":"http:\/\/atelier-images-peripheriques.fr\/wp-content\/uploads\/2022\/02\/70_mouvement-des-intervalles-timeline-001818-l-combesrenaud.jpg","datePublished":"2021-10-15T13:32:15+00:00","dateModified":"2022-02-04T08:36:55+00:00","breadcrumb":{"@id":"https:\/\/atelier-images-peripheriques.fr\/?page_id=101#breadcrumb"},"inLanguage":"fr-FR","potentialAction":[{"@type":"ReadAction","target":["https:\/\/atelier-images-peripheriques.fr\/?page_id=101"]}]},{"@type":"ImageObject","inLanguage":"fr-FR","@id":"https:\/\/atelier-images-peripheriques.fr\/?page_id=101#primaryimage","url":"https:\/\/atelier-images-peripheriques.fr\/wp-content\/uploads\/2022\/02\/70_mouvement-des-intervalles-timeline-001818-l-combesrenaud.jpg","contentUrl":"https:\/\/atelier-images-peripheriques.fr\/wp-content\/uploads\/2022\/02\/70_mouvement-des-intervalles-timeline-001818-l-combesrenaud.jpg","width":599,"height":448},{"@type":"BreadcrumbList","@id":"https:\/\/atelier-images-peripheriques.fr\/?page_id=101#breadcrumb","itemListElement":[{"@type":"ListItem","position":1,"name":"Accueil","item":"https:\/\/atelier-images-peripheriques.fr\/"},{"@type":"ListItem","position":2,"name":"COMBES&#038;RENAUD"}]},{"@type":"WebSite","@id":"https:\/\/atelier-images-peripheriques.fr\/#website","url":"https:\/\/atelier-images-peripheriques.fr\/","name":"Atelier Images p\u00e9ripheriques","description":"Atelier d&#039;artistes \/ Espace d&#039;exposition \u00e0 Bagnolet","potentialAction":[{"@type":"SearchAction","target":{"@type":"EntryPoint","urlTemplate":"https:\/\/atelier-images-peripheriques.fr\/?s={search_term_string}"},"query-input":{"@type":"PropertyValueSpecification","valueRequired":true,"valueName":"search_term_string"}}],"inLanguage":"fr-FR"}]}},"_links":{"self":[{"href":"https:\/\/atelier-images-peripheriques.fr\/index.php?rest_route=\/wp\/v2\/pages\/101","targetHints":{"allow":["GET"]}}],"collection":[{"href":"https:\/\/atelier-images-peripheriques.fr\/index.php?rest_route=\/wp\/v2\/pages"}],"about":[{"href":"https:\/\/atelier-images-peripheriques.fr\/index.php?rest_route=\/wp\/v2\/types\/page"}],"author":[{"embeddable":true,"href":"https:\/\/atelier-images-peripheriques.fr\/index.php?rest_route=\/wp\/v2\/users\/1"}],"replies":[{"embeddable":true,"href":"https:\/\/atelier-images-peripheriques.fr\/index.php?rest_route=%2Fwp%2Fv2%2Fcomments&post=101"}],"version-history":[{"count":9,"href":"https:\/\/atelier-images-peripheriques.fr\/index.php?rest_route=\/wp\/v2\/pages\/101\/revisions"}],"predecessor-version":[{"id":508,"href":"https:\/\/atelier-images-peripheriques.fr\/index.php?rest_route=\/wp\/v2\/pages\/101\/revisions\/508"}],"wp:attachment":[{"href":"https:\/\/atelier-images-peripheriques.fr\/index.php?rest_route=%2Fwp%2Fv2%2Fmedia&parent=101"}],"curies":[{"name":"wp","href":"https:\/\/api.w.org\/{rel}","templated":true}]}}